{"id":2307,"date":"2024-02-07T15:24:53","date_gmt":"2024-02-07T14:24:53","guid":{"rendered":"https:\/\/lamarelle-asbl.be\/?page_id=2307"},"modified":"2024-05-27T08:13:00","modified_gmt":"2024-05-27T06:13:00","slug":"mission","status":"publish","type":"page","link":"https:\/\/lamarelle-asbl.be\/index.php\/mission\/","title":{"rendered":"Notre approche"},"content":{"rendered":"\t\t<div data-elementor-type=\"wp-page\" data-elementor-id=\"2307\" class=\"elementor elementor-2307\">\n\t\t\t\t\t\t<section class=\"elementor-section elementor-top-section elementor-element elementor-element-52a4914 elementor-section-stretched elementor-section-boxed elementor-section-height-default elementor-section-height-default qodef-elementor-content-no\" data-id=\"52a4914\" data-element_type=\"section\" data-e-type=\"section\" data-settings=\"{&quot;stretch_section&quot;:&quot;section-stretched&quot;,&quot;shape_divider_top&quot;:&quot;waves&quot;}\">\n\t\t\t\t\t\t\t<div class=\"elementor-background-overlay\"><\/div>\n\t\t\t\t\t\t<div class=\"elementor-shape elementor-shape-top\" aria-hidden=\"true\" data-negative=\"false\">\n\t\t\t<svg xmlns=\"http:\/\/www.w3.org\/2000\/svg\" viewBox=\"0 0 1000 100\" preserveAspectRatio=\"none\">\n\t<path class=\"elementor-shape-fill\" d=\"M421.9,6.5c22.6-2.5,51.5,0.4,75.5,5.3c23.6,4.9,70.9,23.5,100.5,35.7c75.8,32.2,133.7,44.5,192.6,49.7\n\tc23.6,2.1,48.7,3.5,103.4-2.5c54.7-6,106.2-25.6,106.2-25.6V0H0v30.3c0,0,72,32.6,158.4,30.5c39.2-0.7,92.8-6.7,134-22.4\n\tc21.2-8.1,52.2-18.2,79.7-24.2C399.3,7.9,411.6,7.5,421.9,6.5z\"\/>\n<\/svg>\t\t<\/div>\n\t\t\t\t\t<div class=\"elementor-container elementor-column-gap-default\">\n\t\t\t\t\t<div class=\"elementor-column elementor-col-100 elementor-top-column elementor-element elementor-element-20b8222\" data-id=\"20b8222\" data-element_type=\"column\" data-e-type=\"column\">\n\t\t\t<div class=\"elementor-widget-wrap elementor-element-populated\">\n\t\t\t\t\t\t<div class=\"elementor-element elementor-element-d511053 elementor-widget elementor-widget-spacer\" data-id=\"d511053\" data-element_type=\"widget\" data-e-type=\"widget\" data-widget_type=\"spacer.default\">\n\t\t\t\t<div class=\"elementor-widget-container\">\n\t\t\t\t\t\t\t<div class=\"elementor-spacer\">\n\t\t\t<div class=\"elementor-spacer-inner\"><\/div>\n\t\t<\/div>\n\t\t\t\t\t\t<\/div>\n\t\t\t\t<\/div>\n\t\t\t\t<section class=\"elementor-section elementor-inner-section elementor-element elementor-element-a969176 elementor-section-boxed elementor-section-height-default elementor-section-height-default qodef-elementor-content-no\" data-id=\"a969176\" data-element_type=\"section\" data-e-type=\"section\">\n\t\t\t\t\t\t<div class=\"elementor-container elementor-column-gap-default\">\n\t\t\t\t\t<div class=\"elementor-column elementor-col-50 elementor-inner-column elementor-element elementor-element-64cea80\" data-id=\"64cea80\" data-element_type=\"column\" data-e-type=\"column\">\n\t\t\t<div class=\"elementor-widget-wrap elementor-element-populated\">\n\t\t\t\t\t\t<div class=\"elementor-element elementor-element-cccc608 elementor-widget elementor-widget-heading\" data-id=\"cccc608\" data-element_type=\"widget\" data-e-type=\"widget\" data-widget_type=\"heading.default\">\n\t\t\t\t<div class=\"elementor-widget-container\">\n\t\t\t\t\t<h2 class=\"elementor-heading-title elementor-size-default\">Notre mission<\/h2>\t\t\t\t<\/div>\n\t\t\t\t<\/div>\n\t\t\t\t<div class=\"elementor-element elementor-element-ca8ca48 elementor-widget elementor-widget-text-editor\" data-id=\"ca8ca48\" data-element_type=\"widget\" data-e-type=\"widget\" data-widget_type=\"text-editor.default\">\n\t\t\t\t<div class=\"elementor-widget-container\">\n\t\t\t\t\t\t\t\t\t<p>La mission de la Marelle est de veiller \u00e0 la sant\u00e9, l\u2019\u00e9panouissement et l\u2019int\u00e9gration des personnes qui lui sont confi\u00e9es, dans un esprit de partenariat avec elles, leur famille et \u00e9ventuellement d\u2019autres intervenants concern\u00e9s. Toute l\u2019action de la Marelle, depuis sa cr\u00e9ation, est de consid\u00e9rer la personne en situation de handicap comme sujet et acteur de sa propre vie.<\/p>\t\t\t\t\t\t\t\t<\/div>\n\t\t\t\t<\/div>\n\t\t\t\t\t<\/div>\n\t\t<\/div>\n\t\t\t\t<div class=\"elementor-column elementor-col-50 elementor-inner-column elementor-element elementor-element-072db6b\" data-id=\"072db6b\" data-element_type=\"column\" data-e-type=\"column\">\n\t\t\t<div class=\"elementor-widget-wrap elementor-element-populated\">\n\t\t\t\t\t\t<div class=\"elementor-element elementor-element-7f698cd elementor-widget-mobile__width-initial elementor-widget elementor-widget-image\" data-id=\"7f698cd\" data-element_type=\"widget\" data-e-type=\"widget\" data-widget_type=\"image.default\">\n\t\t\t\t<div class=\"elementor-widget-container\">\n\t\t\t\t\t\t\t\t\t\t\t\t\t\t\t<img fetchpriority=\"high\" decoding=\"async\" width=\"1024\" height=\"503\" src=\"https:\/\/lamarelle-asbl.be\/wp-content\/uploads\/2024\/05\/vecteezy_people-working-together-set-up-abstract-shapes_12996596-modified-1-1024x503.png\" class=\"attachment-large size-large wp-image-2981\" alt=\"\" srcset=\"https:\/\/lamarelle-asbl.be\/wp-content\/uploads\/2024\/05\/vecteezy_people-working-together-set-up-abstract-shapes_12996596-modified-1-1024x503.png 1024w, https:\/\/lamarelle-asbl.be\/wp-content\/uploads\/2024\/05\/vecteezy_people-working-together-set-up-abstract-shapes_12996596-modified-1-300x147.png 300w, https:\/\/lamarelle-asbl.be\/wp-content\/uploads\/2024\/05\/vecteezy_people-working-together-set-up-abstract-shapes_12996596-modified-1-768x377.png 768w, https:\/\/lamarelle-asbl.be\/wp-content\/uploads\/2024\/05\/vecteezy_people-working-together-set-up-abstract-shapes_12996596-modified-1-1536x754.png 1536w, https:\/\/lamarelle-asbl.be\/wp-content\/uploads\/2024\/05\/vecteezy_people-working-together-set-up-abstract-shapes_12996596-modified-1.png 1920w\" sizes=\"(max-width: 1024px) 100vw, 1024px\" \/>\t\t\t\t\t\t\t\t\t\t\t\t\t\t\t<\/div>\n\t\t\t\t<\/div>\n\t\t\t\t\t<\/div>\n\t\t<\/div>\n\t\t\t\t\t<\/div>\n\t\t<\/section>\n\t\t\t\t<div class=\"elementor-element elementor-element-7227dd8 elementor-widget elementor-widget-heading\" data-id=\"7227dd8\" data-element_type=\"widget\" data-e-type=\"widget\" data-widget_type=\"heading.default\">\n\t\t\t\t<div class=\"elementor-widget-container\">\n\t\t\t\t\t<h2 class=\"elementor-heading-title elementor-size-default\">Concr\u00e8tement, la Marelle souhaite favoriser <\/h2>\t\t\t\t<\/div>\n\t\t\t\t<\/div>\n\t\t\t\t<section class=\"elementor-section elementor-inner-section elementor-element elementor-element-9d8b515 elementor-section-boxed elementor-section-height-default elementor-section-height-default qodef-elementor-content-no\" data-id=\"9d8b515\" data-element_type=\"section\" data-e-type=\"section\">\n\t\t\t\t\t\t<div class=\"elementor-container elementor-column-gap-default\">\n\t\t\t\t\t<div class=\"elementor-column elementor-col-100 elementor-inner-column elementor-element elementor-element-59931fc2\" data-id=\"59931fc2\" data-element_type=\"column\" data-e-type=\"column\">\n\t\t\t<div class=\"elementor-widget-wrap elementor-element-populated\">\n\t\t\t\t\t\t<div class=\"elementor-element elementor-element-59e401d5 elementor-widget elementor-widget-eael-info-box\" data-id=\"59e401d5\" data-element_type=\"widget\" data-e-type=\"widget\" data-settings=\"{&quot;_animation&quot;:&quot;none&quot;}\" data-widget_type=\"eael-info-box.default\">\n\t\t\t\t<div class=\"elementor-widget-container\">\n\t\t\t\t\t        <div class=\"eael-infobox icon-on-left\">\n\t            <div class=\"infobox-content\">\n                    <div class=\"infobox-title-section\">\n                <h2 class=\"title\">L'\u00e9panouissement<\/h2>            <\/div>\n            <div><ul><li>En encourageant l\u2019autod\u00e9termination<\/li><\/ul><ul class=\"ul1\"><li class=\"li1\">En respectant la vie affective et relationnelle<\/li><li class=\"li1\">En favorisant les bonnes relations de vie en collectivit\u00e9<\/li><\/ul><\/div>        <\/div>\n            <\/div>\n\n\t\t\t\t\t\t<\/div>\n\t\t\t\t<\/div>\n\t\t\t\t<div class=\"elementor-element elementor-element-72660ed elementor-widget elementor-widget-eael-info-box\" data-id=\"72660ed\" data-element_type=\"widget\" data-e-type=\"widget\" data-settings=\"{&quot;_animation&quot;:&quot;none&quot;}\" data-widget_type=\"eael-info-box.default\">\n\t\t\t\t<div class=\"elementor-widget-container\">\n\t\t\t\t\t        <div class=\"eael-infobox icon-on-left\">\n\t            <div class=\"infobox-content\">\n                    <div class=\"infobox-title-section\">\n                <h2 class=\"title\">La collaboration avec les familles<\/h2>            <\/div>\n            <div><ul><li class=\"li1\">En les impliquant dans le projet de vie de leur enfant\u00a0<\/li><li class=\"li1\">En se rendant quotidiennement disponibles et \u00e0 leur \u00e9coute<\/li><li class=\"li1\">En organisant des rencontres<\/li><\/ul><\/div>        <\/div>\n            <\/div>\n\n\t\t\t\t\t\t<\/div>\n\t\t\t\t<\/div>\n\t\t\t\t<div class=\"elementor-element elementor-element-ab3afb1 elementor-widget elementor-widget-eael-info-box\" data-id=\"ab3afb1\" data-element_type=\"widget\" data-e-type=\"widget\" data-settings=\"{&quot;_animation&quot;:&quot;none&quot;}\" data-widget_type=\"eael-info-box.default\">\n\t\t\t\t<div class=\"elementor-widget-container\">\n\t\t\t\t\t        <div class=\"eael-infobox icon-on-left\">\n\t            <div class=\"infobox-content\">\n                    <div class=\"infobox-title-section\">\n                <h2 class=\"title\">Le bien-\u00eatre et la sant\u00e9<\/h2>            <\/div>\n            <div><ul><li>En veillant au bien-\u00eatre physique et mental<\/li><li class=\"li1\">En assurant le suivi des soins et d\u2019hygi\u00e8ne dans le respect de la dignit\u00e9 et de la bientraitance<\/li><li class=\"li1\">En d\u00e9veloppant l\u2019estime de soi<\/li><li class=\"li1\">En collaborant avec le milieu m\u00e9dical, en relai avec les familles<\/li><\/ul><\/div>        <\/div>\n            <\/div>\n\n\t\t\t\t\t\t<\/div>\n\t\t\t\t<\/div>\n\t\t\t\t<div class=\"elementor-element elementor-element-73af9d0 elementor-widget elementor-widget-eael-info-box\" data-id=\"73af9d0\" data-element_type=\"widget\" data-e-type=\"widget\" data-settings=\"{&quot;_animation&quot;:&quot;none&quot;}\" data-widget_type=\"eael-info-box.default\">\n\t\t\t\t<div class=\"elementor-widget-container\">\n\t\t\t\t\t        <div class=\"eael-infobox icon-on-left\">\n\t            <div class=\"infobox-content\">\n                    <div class=\"infobox-title-section\">\n                <h2 class=\"title\">L'int\u00e9gration et l'inclusion<\/h2>            <\/div>\n            <div><ul><li class=\"li1\">En d\u00e9veloppant des activit\u00e9s de partenariat avec les acteurs locaux<\/li><li class=\"li1\">En participant aux \u00e9v\u00e9nements tournaisiens<\/li><li class=\"li1\">En accueillant une client\u00e8le en demande de certains services<\/li><li class=\"li1\">En participant \u00e0 des journ\u00e9es de rencontre avec d\u2019autres institutions<\/li><li class=\"li1\">En accueillant des stagiaires d\u2019orientations et d\u2019\u00e2ges divers<\/li><\/ul><\/div>        <\/div>\n            <\/div>\n\n\t\t\t\t\t\t<\/div>\n\t\t\t\t<\/div>\n\t\t\t\t\t<\/div>\n\t\t<\/div>\n\t\t\t\t\t<\/div>\n\t\t<\/section>\n\t\t\t\t<div class=\"elementor-element elementor-element-43692e4 elementor-widget elementor-widget-spacer\" data-id=\"43692e4\" data-element_type=\"widget\" data-e-type=\"widget\" data-widget_type=\"spacer.default\">\n\t\t\t\t<div class=\"elementor-widget-container\">\n\t\t\t\t\t\t\t<div class=\"elementor-spacer\">\n\t\t\t<div class=\"elementor-spacer-inner\"><\/div>\n\t\t<\/div>\n\t\t\t\t\t\t<\/div>\n\t\t\t\t<\/div>\n\t\t\t\t<section class=\"elementor-section elementor-inner-section elementor-element elementor-element-2862b15 elementor-section-boxed elementor-section-height-default elementor-section-height-default qodef-elementor-content-no\" data-id=\"2862b15\" data-element_type=\"section\" data-e-type=\"section\">\n\t\t\t\t\t\t<div class=\"elementor-container elementor-column-gap-default\">\n\t\t\t\t\t<div class=\"elementor-column elementor-col-50 elementor-inner-column elementor-element elementor-element-eacb534\" data-id=\"eacb534\" data-element_type=\"column\" data-e-type=\"column\">\n\t\t\t<div class=\"elementor-widget-wrap elementor-element-populated\">\n\t\t\t\t\t\t<div class=\"elementor-element elementor-element-0775b6c elementor-widget elementor-widget-heading\" data-id=\"0775b6c\" data-element_type=\"widget\" data-e-type=\"widget\" data-widget_type=\"heading.default\">\n\t\t\t\t<div class=\"elementor-widget-container\">\n\t\t\t\t\t<h2 class=\"elementor-heading-title elementor-size-default\">Notre vision<\/h2>\t\t\t\t<\/div>\n\t\t\t\t<\/div>\n\t\t\t\t<div class=\"elementor-element elementor-element-fe0ea71 elementor-widget elementor-widget-text-editor\" data-id=\"fe0ea71\" data-element_type=\"widget\" data-e-type=\"widget\" data-widget_type=\"text-editor.default\">\n\t\t\t\t<div class=\"elementor-widget-container\">\n\t\t\t\t\t\t\t\t\t<p class=\"p1\">Une vision humaniste de l\u2019Homme, en reconnaissant la valeur propre de la personne en situation de handicap. Tout comportement a un sens.<\/p>\t\t\t\t\t\t\t\t<\/div>\n\t\t\t\t<\/div>\n\t\t\t\t<div class=\"elementor-element elementor-element-61f70c8 elementor-widget elementor-widget-heading\" data-id=\"61f70c8\" data-element_type=\"widget\" data-e-type=\"widget\" data-widget_type=\"heading.default\">\n\t\t\t\t<div class=\"elementor-widget-container\">\n\t\t\t\t\t<h2 class=\"elementor-heading-title elementor-size-default\">Nos valeurs<\/h2>\t\t\t\t<\/div>\n\t\t\t\t<\/div>\n\t\t\t\t<div class=\"elementor-element elementor-element-b0874df elementor-widget elementor-widget-text-editor\" data-id=\"b0874df\" data-element_type=\"widget\" data-e-type=\"widget\" data-widget_type=\"text-editor.default\">\n\t\t\t\t<div class=\"elementor-widget-container\">\n\t\t\t\t\t\t\t\t\t<p class=\"p1\">La qualit\u00e9 de l\u2019accompagnement se base sur des valeurs que s\u2019engage \u00e0 d\u00e9fendre chaque travailleur, dans le respect mutuel des uns et des autres.<\/p>\t\t\t\t\t\t\t\t<\/div>\n\t\t\t\t<\/div>\n\t\t\t\t\t<\/div>\n\t\t<\/div>\n\t\t\t\t<div class=\"elementor-column elementor-col-50 elementor-inner-column elementor-element elementor-element-70a94db\" data-id=\"70a94db\" data-element_type=\"column\" data-e-type=\"column\">\n\t\t\t<div class=\"elementor-widget-wrap elementor-element-populated\">\n\t\t\t\t\t\t<div class=\"elementor-element elementor-element-0efe2b0 elementor-widget elementor-widget-image\" data-id=\"0efe2b0\" data-element_type=\"widget\" data-e-type=\"widget\" data-widget_type=\"image.default\">\n\t\t\t\t<div class=\"elementor-widget-container\">\n\t\t\t\t\t\t\t\t\t\t\t\t\t\t\t<img decoding=\"async\" width=\"1024\" height=\"326\" src=\"https:\/\/lamarelle-asbl.be\/wp-content\/uploads\/2024\/05\/vecteezy_happy-people-holding-hands-stand-all-together_15917546-modified-1024x326.png\" class=\"attachment-large size-large wp-image-2985\" alt=\"\" srcset=\"https:\/\/lamarelle-asbl.be\/wp-content\/uploads\/2024\/05\/vecteezy_happy-people-holding-hands-stand-all-together_15917546-modified-1024x326.png 1024w, https:\/\/lamarelle-asbl.be\/wp-content\/uploads\/2024\/05\/vecteezy_happy-people-holding-hands-stand-all-together_15917546-modified-300x96.png 300w, https:\/\/lamarelle-asbl.be\/wp-content\/uploads\/2024\/05\/vecteezy_happy-people-holding-hands-stand-all-together_15917546-modified-768x245.png 768w, https:\/\/lamarelle-asbl.be\/wp-content\/uploads\/2024\/05\/vecteezy_happy-people-holding-hands-stand-all-together_15917546-modified-1536x490.png 1536w, https:\/\/lamarelle-asbl.be\/wp-content\/uploads\/2024\/05\/vecteezy_happy-people-holding-hands-stand-all-together_15917546-modified.png 1920w\" sizes=\"(max-width: 1024px) 100vw, 1024px\" \/>\t\t\t\t\t\t\t\t\t\t\t\t\t\t\t<\/div>\n\t\t\t\t<\/div>\n\t\t\t\t<div class=\"elementor-element elementor-element-9c38410 elementor-widget elementor-widget-spacer\" data-id=\"9c38410\" data-element_type=\"widget\" data-e-type=\"widget\" data-widget_type=\"spacer.default\">\n\t\t\t\t<div class=\"elementor-widget-container\">\n\t\t\t\t\t\t\t<div class=\"elementor-spacer\">\n\t\t\t<div class=\"elementor-spacer-inner\"><\/div>\n\t\t<\/div>\n\t\t\t\t\t\t<\/div>\n\t\t\t\t<\/div>\n\t\t\t\t\t<\/div>\n\t\t<\/div>\n\t\t\t\t\t<\/div>\n\t\t<\/section>\n\t\t\t\t<section class=\"elementor-section elementor-inner-section elementor-element elementor-element-cfd2bb5 elementor-section-content-top elementor-section-boxed elementor-section-height-default elementor-section-height-default qodef-elementor-content-no\" data-id=\"cfd2bb5\" data-element_type=\"section\" data-e-type=\"section\">\n\t\t\t\t\t\t<div class=\"elementor-container elementor-column-gap-no\">\n\t\t\t\t\t<div class=\"elementor-column elementor-col-33 elementor-inner-column elementor-element elementor-element-4fcf7a30\" data-id=\"4fcf7a30\" data-element_type=\"column\" data-e-type=\"column\">\n\t\t\t<div class=\"elementor-widget-wrap elementor-element-populated\">\n\t\t\t\t\t\t<div class=\"elementor-element elementor-element-5d00cb7 elementor-widget__width-initial elementor-widget-mobile__width-initial elementor-widget elementor-widget-eael-info-box\" data-id=\"5d00cb7\" data-element_type=\"widget\" data-e-type=\"widget\" data-settings=\"{&quot;_animation&quot;:&quot;none&quot;}\" data-widget_type=\"eael-info-box.default\">\n\t\t\t\t<div class=\"elementor-widget-container\">\n\t\t\t\t\t        <div class=\"eael-infobox icon-on-left\">\n\t            <div class=\"infobox-content\">\n                    <div class=\"infobox-title-section\">\n                <h2 class=\"title\">La bienveillance<\/h2>            <\/div>\n            <div><ul><li><span style=\"font-weight: 400\">Consid\u00e9ration d&rsquo;autrui<\/span><\/li><li><span style=\"font-weight: 400\">L&#8217;empathie<\/span><\/li><li><span style=\"font-weight: 400\">L&rsquo;\u00e9coute active<\/span><\/li><li><span style=\"font-weight: 400\">Le non-jugement<\/span><\/li><li><span style=\"font-weight: 400\">L&rsquo;ouverture d&rsquo;esprit<\/span><\/li><li><span style=\"font-weight: 400\">Transmettre l&rsquo;espoir<\/span><\/li><\/ul><p>\u00a0<\/p><\/div>        <\/div>\n            <\/div>\n\n\t\t\t\t\t\t<\/div>\n\t\t\t\t<\/div>\n\t\t\t\t\t<\/div>\n\t\t<\/div>\n\t\t\t\t<div class=\"elementor-column elementor-col-33 elementor-inner-column elementor-element elementor-element-5e9a463b\" data-id=\"5e9a463b\" data-element_type=\"column\" data-e-type=\"column\">\n\t\t\t<div class=\"elementor-widget-wrap elementor-element-populated\">\n\t\t\t\t\t\t<div class=\"elementor-element elementor-element-fde7b82 elementor-widget__width-initial elementor-widget-mobile__width-initial elementor-widget elementor-widget-eael-info-box\" data-id=\"fde7b82\" data-element_type=\"widget\" data-e-type=\"widget\" data-settings=\"{&quot;_animation&quot;:&quot;none&quot;}\" data-widget_type=\"eael-info-box.default\">\n\t\t\t\t<div class=\"elementor-widget-container\">\n\t\t\t\t\t        <div class=\"eael-infobox icon-on-left\">\n\t            <div class=\"infobox-content\">\n                    <div class=\"infobox-title-section\">\n                <h2 class=\"title\">La bientraitance<\/h2>            <\/div>\n            <div><ul><li><span style=\"font-weight: 400\">\u00catre solidaire<\/span><\/li><li><span style=\"font-weight: 400\">Se rendre disponible<\/span><\/li><li><span style=\"font-weight: 400\">Pouvoir r\u00e9pondre aux besoins<\/span><\/li><li><span style=\"font-weight: 400\">Avoir une attitude positive<\/span><\/li><li><span style=\"font-weight: 400\">Valoriser<\/span><\/li><li class=\"p1\">Respecter les droits et la dignit\u00e9<\/li><\/ul><\/div>        <\/div>\n            <\/div>\n\n\t\t\t\t\t\t<\/div>\n\t\t\t\t<\/div>\n\t\t\t\t\t<\/div>\n\t\t<\/div>\n\t\t\t\t<div class=\"elementor-column elementor-col-33 elementor-inner-column elementor-element elementor-element-7698dfa0\" data-id=\"7698dfa0\" data-element_type=\"column\" data-e-type=\"column\">\n\t\t\t<div class=\"elementor-widget-wrap elementor-element-populated\">\n\t\t\t\t\t\t<div class=\"elementor-element elementor-element-1165496 elementor-widget__width-initial elementor-widget-mobile__width-initial elementor-widget elementor-widget-eael-info-box\" data-id=\"1165496\" data-element_type=\"widget\" data-e-type=\"widget\" data-settings=\"{&quot;_animation&quot;:&quot;none&quot;}\" data-widget_type=\"eael-info-box.default\">\n\t\t\t\t<div class=\"elementor-widget-container\">\n\t\t\t\t\t        <div class=\"eael-infobox icon-on-left\">\n\t            <div class=\"infobox-content\">\n                    <div class=\"infobox-title-section\">\n                <h2 class=\"title\">La responsabilit\u00e9<\/h2>            <\/div>\n            <div><ul><li><span style=\"font-weight: 400\">\u00c9thique<\/span><\/li><li><span style=\"font-weight: 400\">Formation continue<\/span><\/li><li><span style=\"font-weight: 400\">Contr\u00f4le de ses \u00e9motions<\/span><\/li><li><span style=\"font-weight: 400\">Remise en question<\/span><\/li><li><span style=\"font-weight: 400\">Flexibilit\u00e9<\/span><\/li><li><span style=\"font-weight: 400\">Esprit d&rsquo;\u00e9quipe<\/span><\/li><li><span style=\"font-weight: 400\">Secret professionnel<\/span><\/li><li>R\u00e9flexion et action \u00e9thiques<\/li><\/ul><\/div>        <\/div>\n            <\/div>\n\n\t\t\t\t\t\t<\/div>\n\t\t\t\t<\/div>\n\t\t\t\t\t<\/div>\n\t\t<\/div>\n\t\t\t\t\t<\/div>\n\t\t<\/section>\n\t\t\t\t\t<\/div>\n\t\t<\/div>\n\t\t\t\t\t<\/div>\n\t\t<\/section>\n\t\t\t\t<\/div>\n\t\t","protected":false},"excerpt":{"rendered":"<p>Notre mission La mission de la Marelle est de veiller \u00e0 la sant\u00e9, l\u2019\u00e9panouissement et l\u2019int\u00e9gration des personnes qui lui sont confi\u00e9es, dans un esprit de partenariat avec elles, leur famille et \u00e9ventuellement d\u2019autres intervenants concern\u00e9s. Toute l\u2019action de la Marelle, depuis sa cr\u00e9ation, est de consid\u00e9rer la personne en situation de handicap comme sujet&hellip;&nbsp;<\/p>\n","protected":false},"author":1,"featured_media":0,"parent":0,"menu_order":0,"comment_status":"closed","ping_status":"closed","template":"elementor_header_footer","meta":{"_eb_attr":"","neve_meta_sidebar":"","neve_meta_container":"","neve_meta_enable_content_width":"","neve_meta_content_width":0,"neve_meta_title_alignment":"","neve_meta_author_avatar":"","neve_post_elements_order":"","neve_meta_disable_header":"","neve_meta_disable_footer":"","neve_meta_disable_title":"","footnotes":""},"class_list":["post-2307","page","type-page","status-publish","hentry"],"yoast_head":"<!-- This site is optimized with the Yoast SEO plugin v27.4 - https:\/\/yoast.com\/product\/yoast-seo-wordpress\/ -->\n<title>La Marelle asbl<\/title>\n<meta name=\"description\" content=\"Service d\u2019Accueil de Jour pour Adultes, agr\u00e9\u00e9 par l\u2019AViQ. Un lieu d\u2019ouverture et de partage rythm\u00e9 par la magie du vivre ensemble\" \/>\n<meta name=\"robots\" content=\"index, follow, max-snippet:-1, max-image-preview:large, max-video-preview:-1\" \/>\n<link rel=\"canonical\" href=\"https:\/\/lamarelle-asbl.be\/index.php\/mission\/\" \/>\n<meta property=\"og:locale\" content=\"fr_FR\" \/>\n<meta property=\"og:type\" content=\"article\" \/>\n<meta property=\"og:title\" content=\"La Marelle asbl\" \/>\n<meta property=\"og:description\" content=\"Service d\u2019Accueil de Jour pour Adultes, agr\u00e9\u00e9 par l\u2019AViQ. Un lieu d\u2019ouverture et de partage rythm\u00e9 par la magie du vivre ensemble\" \/>\n<meta property=\"og:url\" content=\"https:\/\/lamarelle-asbl.be\/index.php\/mission\/\" \/>\n<meta property=\"og:site_name\" content=\"La Marelle asbl\" \/>\n<meta property=\"article:modified_time\" content=\"2024-05-27T06:13:00+00:00\" \/>\n<meta property=\"og:image\" content=\"https:\/\/lamarelle-asbl.be\/wp-content\/uploads\/2024\/05\/vecteezy_people-working-together-set-up-abstract-shapes_12996596-modified-1-1024x503.png\" \/>\n<meta name=\"twitter:card\" content=\"summary_large_image\" \/>\n<meta name=\"twitter:label1\" content=\"Dur\u00e9e de lecture estim\u00e9e\" \/>\n\t<meta name=\"twitter:data1\" content=\"2 minutes\" \/>\n<script type=\"application\/ld+json\" class=\"yoast-schema-graph\">{\"@context\":\"https:\\\/\\\/schema.org\",\"@graph\":[{\"@type\":\"WebPage\",\"@id\":\"https:\\\/\\\/lamarelle-asbl.be\\\/index.php\\\/mission\\\/\",\"url\":\"https:\\\/\\\/lamarelle-asbl.be\\\/index.php\\\/mission\\\/\",\"name\":\"La Marelle asbl\",\"isPartOf\":{\"@id\":\"https:\\\/\\\/lamarelle-asbl.be\\\/#website\"},\"primaryImageOfPage\":{\"@id\":\"https:\\\/\\\/lamarelle-asbl.be\\\/index.php\\\/mission\\\/#primaryimage\"},\"image\":{\"@id\":\"https:\\\/\\\/lamarelle-asbl.be\\\/index.php\\\/mission\\\/#primaryimage\"},\"thumbnailUrl\":\"https:\\\/\\\/lamarelle-asbl.be\\\/wp-content\\\/uploads\\\/2024\\\/05\\\/vecteezy_people-working-together-set-up-abstract-shapes_12996596-modified-1-1024x503.png\",\"datePublished\":\"2024-02-07T14:24:53+00:00\",\"dateModified\":\"2024-05-27T06:13:00+00:00\",\"description\":\"Service d\u2019Accueil de Jour pour Adultes, agr\u00e9\u00e9 par l\u2019AViQ. Un lieu d\u2019ouverture et de partage rythm\u00e9 par la magie du vivre ensemble\",\"breadcrumb\":{\"@id\":\"https:\\\/\\\/lamarelle-asbl.be\\\/index.php\\\/mission\\\/#breadcrumb\"},\"inLanguage\":\"fr-FR\",\"potentialAction\":[{\"@type\":\"ReadAction\",\"target\":[\"https:\\\/\\\/lamarelle-asbl.be\\\/index.php\\\/mission\\\/\"]}]},{\"@type\":\"ImageObject\",\"inLanguage\":\"fr-FR\",\"@id\":\"https:\\\/\\\/lamarelle-asbl.be\\\/index.php\\\/mission\\\/#primaryimage\",\"url\":\"https:\\\/\\\/lamarelle-asbl.be\\\/wp-content\\\/uploads\\\/2024\\\/05\\\/vecteezy_people-working-together-set-up-abstract-shapes_12996596-modified-1.png\",\"contentUrl\":\"https:\\\/\\\/lamarelle-asbl.be\\\/wp-content\\\/uploads\\\/2024\\\/05\\\/vecteezy_people-working-together-set-up-abstract-shapes_12996596-modified-1.png\",\"width\":1920,\"height\":943},{\"@type\":\"BreadcrumbList\",\"@id\":\"https:\\\/\\\/lamarelle-asbl.be\\\/index.php\\\/mission\\\/#breadcrumb\",\"itemListElement\":[{\"@type\":\"ListItem\",\"position\":1,\"name\":\"Accueil\",\"item\":\"https:\\\/\\\/lamarelle-asbl.be\\\/\"},{\"@type\":\"ListItem\",\"position\":2,\"name\":\"Notre approche\"}]},{\"@type\":\"WebSite\",\"@id\":\"https:\\\/\\\/lamarelle-asbl.be\\\/#website\",\"url\":\"https:\\\/\\\/lamarelle-asbl.be\\\/\",\"name\":\"La Marelle asbl\",\"description\":\"\",\"publisher\":{\"@id\":\"https:\\\/\\\/lamarelle-asbl.be\\\/#organization\"},\"potentialAction\":[{\"@type\":\"SearchAction\",\"target\":{\"@type\":\"EntryPoint\",\"urlTemplate\":\"https:\\\/\\\/lamarelle-asbl.be\\\/?s={search_term_string}\"},\"query-input\":{\"@type\":\"PropertyValueSpecification\",\"valueRequired\":true,\"valueName\":\"search_term_string\"}}],\"inLanguage\":\"fr-FR\"},{\"@type\":\"Organization\",\"@id\":\"https:\\\/\\\/lamarelle-asbl.be\\\/#organization\",\"name\":\"La Marelle ASBL\",\"url\":\"https:\\\/\\\/lamarelle-asbl.be\\\/\",\"logo\":{\"@type\":\"ImageObject\",\"inLanguage\":\"fr-FR\",\"@id\":\"https:\\\/\\\/lamarelle-asbl.be\\\/#\\\/schema\\\/logo\\\/image\\\/\",\"url\":\"https:\\\/\\\/lamarelle-asbl.be\\\/wp-content\\\/uploads\\\/2023\\\/07\\\/cropped-thumbnail_image006-e1689881175907.png\",\"contentUrl\":\"https:\\\/\\\/lamarelle-asbl.be\\\/wp-content\\\/uploads\\\/2023\\\/07\\\/cropped-thumbnail_image006-e1689881175907.png\",\"width\":392,\"height\":246,\"caption\":\"La Marelle ASBL\"},\"image\":{\"@id\":\"https:\\\/\\\/lamarelle-asbl.be\\\/#\\\/schema\\\/logo\\\/image\\\/\"}}]}<\/script>\n<!-- \/ Yoast SEO plugin. -->","yoast_head_json":{"title":"La Marelle asbl","description":"Service d\u2019Accueil de Jour pour Adultes, agr\u00e9\u00e9 par l\u2019AViQ. Un lieu d\u2019ouverture et de partage rythm\u00e9 par la magie du vivre ensemble","robots":{"index":"index","follow":"follow","max-snippet":"max-snippet:-1","max-image-preview":"max-image-preview:large","max-video-preview":"max-video-preview:-1"},"canonical":"https:\/\/lamarelle-asbl.be\/index.php\/mission\/","og_locale":"fr_FR","og_type":"article","og_title":"La Marelle asbl","og_description":"Service d\u2019Accueil de Jour pour Adultes, agr\u00e9\u00e9 par l\u2019AViQ. Un lieu d\u2019ouverture et de partage rythm\u00e9 par la magie du vivre ensemble","og_url":"https:\/\/lamarelle-asbl.be\/index.php\/mission\/","og_site_name":"La Marelle asbl","article_modified_time":"2024-05-27T06:13:00+00:00","og_image":[{"url":"https:\/\/lamarelle-asbl.be\/wp-content\/uploads\/2024\/05\/vecteezy_people-working-together-set-up-abstract-shapes_12996596-modified-1-1024x503.png","type":"","width":"","height":""}],"twitter_card":"summary_large_image","twitter_misc":{"Dur\u00e9e de lecture estim\u00e9e":"2 minutes"},"schema":{"@context":"https:\/\/schema.org","@graph":[{"@type":"WebPage","@id":"https:\/\/lamarelle-asbl.be\/index.php\/mission\/","url":"https:\/\/lamarelle-asbl.be\/index.php\/mission\/","name":"La Marelle asbl","isPartOf":{"@id":"https:\/\/lamarelle-asbl.be\/#website"},"primaryImageOfPage":{"@id":"https:\/\/lamarelle-asbl.be\/index.php\/mission\/#primaryimage"},"image":{"@id":"https:\/\/lamarelle-asbl.be\/index.php\/mission\/#primaryimage"},"thumbnailUrl":"https:\/\/lamarelle-asbl.be\/wp-content\/uploads\/2024\/05\/vecteezy_people-working-together-set-up-abstract-shapes_12996596-modified-1-1024x503.png","datePublished":"2024-02-07T14:24:53+00:00","dateModified":"2024-05-27T06:13:00+00:00","description":"Service d\u2019Accueil de Jour pour Adultes, agr\u00e9\u00e9 par l\u2019AViQ. Un lieu d\u2019ouverture et de partage rythm\u00e9 par la magie du vivre ensemble","breadcrumb":{"@id":"https:\/\/lamarelle-asbl.be\/index.php\/mission\/#breadcrumb"},"inLanguage":"fr-FR","potentialAction":[{"@type":"ReadAction","target":["https:\/\/lamarelle-asbl.be\/index.php\/mission\/"]}]},{"@type":"ImageObject","inLanguage":"fr-FR","@id":"https:\/\/lamarelle-asbl.be\/index.php\/mission\/#primaryimage","url":"https:\/\/lamarelle-asbl.be\/wp-content\/uploads\/2024\/05\/vecteezy_people-working-together-set-up-abstract-shapes_12996596-modified-1.png","contentUrl":"https:\/\/lamarelle-asbl.be\/wp-content\/uploads\/2024\/05\/vecteezy_people-working-together-set-up-abstract-shapes_12996596-modified-1.png","width":1920,"height":943},{"@type":"BreadcrumbList","@id":"https:\/\/lamarelle-asbl.be\/index.php\/mission\/#breadcrumb","itemListElement":[{"@type":"ListItem","position":1,"name":"Accueil","item":"https:\/\/lamarelle-asbl.be\/"},{"@type":"ListItem","position":2,"name":"Notre approche"}]},{"@type":"WebSite","@id":"https:\/\/lamarelle-asbl.be\/#website","url":"https:\/\/lamarelle-asbl.be\/","name":"La Marelle asbl","description":"","publisher":{"@id":"https:\/\/lamarelle-asbl.be\/#organization"},"potentialAction":[{"@type":"SearchAction","target":{"@type":"EntryPoint","urlTemplate":"https:\/\/lamarelle-asbl.be\/?s={search_term_string}"},"query-input":{"@type":"PropertyValueSpecification","valueRequired":true,"valueName":"search_term_string"}}],"inLanguage":"fr-FR"},{"@type":"Organization","@id":"https:\/\/lamarelle-asbl.be\/#organization","name":"La Marelle ASBL","url":"https:\/\/lamarelle-asbl.be\/","logo":{"@type":"ImageObject","inLanguage":"fr-FR","@id":"https:\/\/lamarelle-asbl.be\/#\/schema\/logo\/image\/","url":"https:\/\/lamarelle-asbl.be\/wp-content\/uploads\/2023\/07\/cropped-thumbnail_image006-e1689881175907.png","contentUrl":"https:\/\/lamarelle-asbl.be\/wp-content\/uploads\/2023\/07\/cropped-thumbnail_image006-e1689881175907.png","width":392,"height":246,"caption":"La Marelle ASBL"},"image":{"@id":"https:\/\/lamarelle-asbl.be\/#\/schema\/logo\/image\/"}}]}},"_links":{"self":[{"href":"https:\/\/lamarelle-asbl.be\/index.php\/wp-json\/wp\/v2\/pages\/2307","targetHints":{"allow":["GET"]}}],"collection":[{"href":"https:\/\/lamarelle-asbl.be\/index.php\/wp-json\/wp\/v2\/pages"}],"about":[{"href":"https:\/\/lamarelle-asbl.be\/index.php\/wp-json\/wp\/v2\/types\/page"}],"author":[{"embeddable":true,"href":"https:\/\/lamarelle-asbl.be\/index.php\/wp-json\/wp\/v2\/users\/1"}],"replies":[{"embeddable":true,"href":"https:\/\/lamarelle-asbl.be\/index.php\/wp-json\/wp\/v2\/comments?post=2307"}],"version-history":[{"count":126,"href":"https:\/\/lamarelle-asbl.be\/index.php\/wp-json\/wp\/v2\/pages\/2307\/revisions"}],"predecessor-version":[{"id":3146,"href":"https:\/\/lamarelle-asbl.be\/index.php\/wp-json\/wp\/v2\/pages\/2307\/revisions\/3146"}],"wp:attachment":[{"href":"https:\/\/lamarelle-asbl.be\/index.php\/wp-json\/wp\/v2\/media?parent=2307"}],"curies":[{"name":"wp","href":"https:\/\/api.w.org\/{rel}","templated":true}]}}