{"id":2152,"date":"2024-02-06T17:42:00","date_gmt":"2024-02-06T16:42:00","guid":{"rendered":"https:\/\/lamarelle-asbl.be\/?page_id=2152"},"modified":"2024-06-12T19:23:20","modified_gmt":"2024-06-12T17:23:20","slug":"lr-reseau","status":"publish","type":"page","link":"https:\/\/lamarelle-asbl.be\/index.php\/lr-reseau\/","title":{"rendered":"Le r\u00e9seau"},"content":{"rendered":"\t\t<div data-elementor-type=\"wp-page\" data-elementor-id=\"2152\" class=\"elementor elementor-2152\">\n\t\t\t\t\t\t<section class=\"elementor-section elementor-top-section elementor-element elementor-element-267a67cb elementor-section-full_width elementor-section-height-default elementor-section-height-default qodef-elementor-content-no\" data-id=\"267a67cb\" data-element_type=\"section\" data-e-type=\"section\" id=\"info_section\" data-settings=\"{&quot;background_background&quot;:&quot;classic&quot;,&quot;shape_divider_top&quot;:&quot;waves&quot;}\">\n\t\t\t\t\t<div class=\"elementor-shape elementor-shape-top\" aria-hidden=\"true\" data-negative=\"false\">\n\t\t\t<svg xmlns=\"http:\/\/www.w3.org\/2000\/svg\" viewBox=\"0 0 1000 100\" preserveAspectRatio=\"none\">\n\t<path class=\"elementor-shape-fill\" d=\"M421.9,6.5c22.6-2.5,51.5,0.4,75.5,5.3c23.6,4.9,70.9,23.5,100.5,35.7c75.8,32.2,133.7,44.5,192.6,49.7\n\tc23.6,2.1,48.7,3.5,103.4-2.5c54.7-6,106.2-25.6,106.2-25.6V0H0v30.3c0,0,72,32.6,158.4,30.5c39.2-0.7,92.8-6.7,134-22.4\n\tc21.2-8.1,52.2-18.2,79.7-24.2C399.3,7.9,411.6,7.5,421.9,6.5z\"\/>\n<\/svg>\t\t<\/div>\n\t\t\t\t\t<div class=\"elementor-container elementor-column-gap-no\">\n\t\t\t\t\t<div class=\"elementor-column elementor-col-100 elementor-top-column elementor-element elementor-element-40982d1\" data-id=\"40982d1\" data-element_type=\"column\" data-e-type=\"column\">\n\t\t\t<div class=\"elementor-widget-wrap elementor-element-populated\">\n\t\t\t\t\t\t<section class=\"elementor-section elementor-inner-section elementor-element elementor-element-240f7aa elementor-section-boxed elementor-section-height-default elementor-section-height-default qodef-elementor-content-no\" data-id=\"240f7aa\" data-element_type=\"section\" data-e-type=\"section\">\n\t\t\t\t\t\t<div class=\"elementor-container elementor-column-gap-no\">\n\t\t\t\t\t<div class=\"elementor-column elementor-col-100 elementor-inner-column elementor-element elementor-element-775eacf2\" data-id=\"775eacf2\" data-element_type=\"column\" data-e-type=\"column\">\n\t\t\t<div class=\"elementor-widget-wrap elementor-element-populated\">\n\t\t\t\t\t\t<div class=\"elementor-element elementor-element-7913ec01 elementor-widget elementor-widget-image\" data-id=\"7913ec01\" data-element_type=\"widget\" data-e-type=\"widget\" data-widget_type=\"image.default\">\n\t\t\t\t<div class=\"elementor-widget-container\">\n\t\t\t\t\t\t\t\t\t\t\t\t\t\t\t<img fetchpriority=\"high\" decoding=\"async\" width=\"1260\" height=\"684\" src=\"https:\/\/lamarelle-asbl.be\/wp-content\/uploads\/2024\/05\/vecteezy_we-are-community-landing-page-with-happy-people_15917081-e1715785931876.jpg\" class=\"attachment-full size-full wp-image-2865\" alt=\"\" srcset=\"https:\/\/lamarelle-asbl.be\/wp-content\/uploads\/2024\/05\/vecteezy_we-are-community-landing-page-with-happy-people_15917081-e1715785931876.jpg 1260w, https:\/\/lamarelle-asbl.be\/wp-content\/uploads\/2024\/05\/vecteezy_we-are-community-landing-page-with-happy-people_15917081-e1715785931876-300x163.jpg 300w, https:\/\/lamarelle-asbl.be\/wp-content\/uploads\/2024\/05\/vecteezy_we-are-community-landing-page-with-happy-people_15917081-e1715785931876-1024x556.jpg 1024w, https:\/\/lamarelle-asbl.be\/wp-content\/uploads\/2024\/05\/vecteezy_we-are-community-landing-page-with-happy-people_15917081-e1715785931876-768x417.jpg 768w, https:\/\/lamarelle-asbl.be\/wp-content\/uploads\/2024\/05\/vecteezy_we-are-community-landing-page-with-happy-people_15917081-e1715785931876-600x326.jpg 600w\" sizes=\"(max-width: 1260px) 100vw, 1260px\" \/>\t\t\t\t\t\t\t\t\t\t\t\t\t\t\t<\/div>\n\t\t\t\t<\/div>\n\t\t\t\t\t<\/div>\n\t\t<\/div>\n\t\t\t\t\t<\/div>\n\t\t<\/section>\n\t\t\t\t<section class=\"elementor-section elementor-inner-section elementor-element elementor-element-4a67c2d5 elementor-section-boxed elementor-section-height-default elementor-section-height-default qodef-elementor-content-no\" data-id=\"4a67c2d5\" data-element_type=\"section\" data-e-type=\"section\">\n\t\t\t\t\t\t<div class=\"elementor-container elementor-column-gap-extended\">\n\t\t\t\t\t<div class=\"elementor-column elementor-col-33 elementor-inner-column elementor-element elementor-element-13154cc3\" data-id=\"13154cc3\" data-element_type=\"column\" data-e-type=\"column\">\n\t\t\t<div class=\"elementor-widget-wrap elementor-element-populated\">\n\t\t\t\t\t\t<div class=\"elementor-element elementor-element-3816b8dc elementor-widget elementor-widget-eael-info-box\" data-id=\"3816b8dc\" data-element_type=\"widget\" data-e-type=\"widget\" data-widget_type=\"eael-info-box.default\">\n\t\t\t\t<div class=\"elementor-widget-container\">\n\t\t\t\t\t        <div class=\"eael-infobox icon-on-left\">\n\t            <div class=\"infobox-content\">\n                    <div class=\"infobox-title-section\">\n                <h2 class=\"title\">Partenaires d\u2019activit\u00e9s<\/h2>            <\/div>\n            <div><p>La Ferme du Harby<\/p><p>La Ferme Payelle<\/p><p>La Ferme p\u00e9dagogique ImPro<\/p><p>La Maison de la Culture<\/p><p>Les Biblioth\u00e8ques et ludoth\u00e8ques de Tournai et d\u2019Antoing<\/p><p>Les piscines communales<\/p><p>Le Centre Octavie<\/p><p>Le Club d\u2019Aviron<\/p><\/div>        <\/div>\n            <\/div>\n\n\t\t\t\t\t\t<\/div>\n\t\t\t\t<\/div>\n\t\t\t\t\t<\/div>\n\t\t<\/div>\n\t\t\t\t<div class=\"elementor-column elementor-col-33 elementor-inner-column elementor-element elementor-element-dab6450\" data-id=\"dab6450\" data-element_type=\"column\" data-e-type=\"column\">\n\t\t\t<div class=\"elementor-widget-wrap elementor-element-populated\">\n\t\t\t\t\t\t<div class=\"elementor-element elementor-element-dc4359b elementor-widget elementor-widget-eael-info-box\" data-id=\"dc4359b\" data-element_type=\"widget\" data-e-type=\"widget\" data-widget_type=\"eael-info-box.default\">\n\t\t\t\t<div class=\"elementor-widget-container\">\n\t\t\t\t\t        <div class=\"eael-infobox icon-on-left\">\n\t            <div class=\"infobox-content\">\n                    <div class=\"infobox-title-section\">\n                <h2 class=\"title\">Projets collaboratifs<\/h2>            <\/div>\n            <div><p class=\"p1\">Le Centre de la Marionnette<\/p><p class=\"p1\">Tournai Ville en po\u00e9sie<\/p><p class=\"p1\">Les Ecrivains Publics<\/p><p class=\"p1\">L\u2019Art dans la Ville<\/p><p class=\"p1\">L\u2019ASBL Carnaval<\/p><p class=\"p1\">La Piste aux Espoirs<\/p><p class=\"p1\">Ramdam Festival<\/p><p class=\"p1\">Festival des Turbulentes<\/p><p class=\"p1\">Bewapp<\/p><p class=\"p1\">Maisons de repos et autres Services d\u2019Accueil pour Adultes<\/p><p class=\"p1\">La F\u00eate des Voisins<\/p><p class=\"p1\">Les Filles Celles Picardes<\/p><p class=\"p1\">Silex<\/p><p class=\"p1\">La P\u00e9pini\u00e8re<\/p><p class=\"p1\">Masure 14<\/p><p>&#8230;<\/p><p>\u00a0<\/p><\/div>        <\/div>\n            <\/div>\n\n\t\t\t\t\t\t<\/div>\n\t\t\t\t<\/div>\n\t\t\t\t\t<\/div>\n\t\t<\/div>\n\t\t\t\t<div class=\"elementor-column elementor-col-33 elementor-inner-column elementor-element elementor-element-676ff55d\" data-id=\"676ff55d\" data-element_type=\"column\" data-e-type=\"column\">\n\t\t\t<div class=\"elementor-widget-wrap elementor-element-populated\">\n\t\t\t\t\t\t<div class=\"elementor-element elementor-element-060508b elementor-widget elementor-widget-eael-info-box\" data-id=\"060508b\" data-element_type=\"widget\" data-e-type=\"widget\" data-widget_type=\"eael-info-box.default\">\n\t\t\t\t<div class=\"elementor-widget-container\">\n\t\t\t\t\t        <div class=\"eael-infobox icon-on-left\">\n\t            <div class=\"infobox-content\">\n                    <div class=\"infobox-title-section\">\n                <h2 class=\"title\">Notre traiteur<\/h2>            <\/div>\n            <div><p>Hanssens<\/p><\/div>        <\/div>\n            <\/div>\n\n\t\t\t\t\t\t<\/div>\n\t\t\t\t<\/div>\n\t\t\t\t<div class=\"elementor-element elementor-element-2fd9e9c elementor-widget elementor-widget-eael-info-box\" data-id=\"2fd9e9c\" data-element_type=\"widget\" data-e-type=\"widget\" data-widget_type=\"eael-info-box.default\">\n\t\t\t\t<div class=\"elementor-widget-container\">\n\t\t\t\t\t        <div class=\"eael-infobox icon-on-left\">\n\t            <div class=\"infobox-content\">\n                    <div class=\"infobox-title-section\">\n                <h2 class=\"title\">Formation<\/h2>            <\/div>\n            <div><p class=\"p1\">Nos portes sont ouvertes aux \u00e9tudiants des diff\u00e9rentes formations sociales ou param\u00e9dicales<\/p><\/div>        <\/div>\n            <\/div>\n\n\t\t\t\t\t\t<\/div>\n\t\t\t\t<\/div>\n\t\t\t\t\t<\/div>\n\t\t<\/div>\n\t\t\t\t\t<\/div>\n\t\t<\/section>\n\t\t\t\t\t<\/div>\n\t\t<\/div>\n\t\t\t\t\t<\/div>\n\t\t<\/section>\n\t\t\t\t<\/div>\n\t\t","protected":false},"excerpt":{"rendered":"<p>Partenaires d\u2019activit\u00e9s La Ferme du Harby La Ferme Payelle La Ferme p\u00e9dagogique ImPro La Maison de la Culture Les Biblioth\u00e8ques et ludoth\u00e8ques de Tournai et d\u2019Antoing Les piscines communales Le Centre Octavie Le Club d\u2019Aviron Projets collaboratifs Le Centre de la Marionnette Tournai Ville en po\u00e9sie Les Ecrivains Publics L\u2019Art dans la Ville L\u2019ASBL Carnaval&hellip;&nbsp;<\/p>\n","protected":false},"author":1,"featured_media":0,"parent":0,"menu_order":0,"comment_status":"closed","ping_status":"closed","template":"elementor_header_footer","meta":{"_eb_attr":"","neve_meta_sidebar":"","neve_meta_container":"","neve_meta_enable_content_width":"","neve_meta_content_width":0,"neve_meta_title_alignment":"","neve_meta_author_avatar":"","neve_post_elements_order":"","neve_meta_disable_header":"","neve_meta_disable_footer":"","neve_meta_disable_title":"","footnotes":""},"class_list":["post-2152","page","type-page","status-publish","hentry"],"yoast_head":"<!-- This site is optimized with the Yoast SEO plugin v27.4 - https:\/\/yoast.com\/product\/yoast-seo-wordpress\/ -->\n<title>La Marelle asbl<\/title>\n<meta name=\"description\" content=\"Service d\u2019Accueil de Jour pour Adultes, agr\u00e9\u00e9 par l\u2019AViQ. Un lieu d\u2019ouverture et de partage rythm\u00e9 par la magie du vivre ensemble\" \/>\n<meta name=\"robots\" content=\"index, follow, max-snippet:-1, max-image-preview:large, max-video-preview:-1\" \/>\n<link rel=\"canonical\" href=\"https:\/\/lamarelle-asbl.be\/index.php\/lr-reseau\/\" \/>\n<meta property=\"og:locale\" content=\"fr_FR\" \/>\n<meta property=\"og:type\" content=\"article\" \/>\n<meta property=\"og:title\" content=\"La Marelle asbl\" \/>\n<meta property=\"og:description\" content=\"Service d\u2019Accueil de Jour pour Adultes, agr\u00e9\u00e9 par l\u2019AViQ. Un lieu d\u2019ouverture et de partage rythm\u00e9 par la magie du vivre ensemble\" \/>\n<meta property=\"og:url\" content=\"https:\/\/lamarelle-asbl.be\/index.php\/lr-reseau\/\" \/>\n<meta property=\"og:site_name\" content=\"La Marelle asbl\" \/>\n<meta property=\"article:modified_time\" content=\"2024-06-12T17:23:20+00:00\" \/>\n<meta property=\"og:image\" content=\"https:\/\/lamarelle-asbl.be\/wp-content\/uploads\/2024\/05\/vecteezy_we-are-community-landing-page-with-happy-people_15917081-e1715785931876.jpg\" \/>\n<meta name=\"twitter:card\" content=\"summary_large_image\" \/>\n<meta name=\"twitter:label1\" content=\"Dur\u00e9e de lecture estim\u00e9e\" \/>\n\t<meta name=\"twitter:data1\" content=\"1 minute\" \/>\n<script type=\"application\/ld+json\" class=\"yoast-schema-graph\">{\"@context\":\"https:\\\/\\\/schema.org\",\"@graph\":[{\"@type\":\"WebPage\",\"@id\":\"https:\\\/\\\/lamarelle-asbl.be\\\/index.php\\\/lr-reseau\\\/\",\"url\":\"https:\\\/\\\/lamarelle-asbl.be\\\/index.php\\\/lr-reseau\\\/\",\"name\":\"La Marelle asbl\",\"isPartOf\":{\"@id\":\"https:\\\/\\\/lamarelle-asbl.be\\\/#website\"},\"primaryImageOfPage\":{\"@id\":\"https:\\\/\\\/lamarelle-asbl.be\\\/index.php\\\/lr-reseau\\\/#primaryimage\"},\"image\":{\"@id\":\"https:\\\/\\\/lamarelle-asbl.be\\\/index.php\\\/lr-reseau\\\/#primaryimage\"},\"thumbnailUrl\":\"https:\\\/\\\/lamarelle-asbl.be\\\/wp-content\\\/uploads\\\/2024\\\/05\\\/vecteezy_we-are-community-landing-page-with-happy-people_15917081-e1715785931876.jpg\",\"datePublished\":\"2024-02-06T16:42:00+00:00\",\"dateModified\":\"2024-06-12T17:23:20+00:00\",\"description\":\"Service d\u2019Accueil de Jour pour Adultes, agr\u00e9\u00e9 par l\u2019AViQ. Un lieu d\u2019ouverture et de partage rythm\u00e9 par la magie du vivre ensemble\",\"breadcrumb\":{\"@id\":\"https:\\\/\\\/lamarelle-asbl.be\\\/index.php\\\/lr-reseau\\\/#breadcrumb\"},\"inLanguage\":\"fr-FR\",\"potentialAction\":[{\"@type\":\"ReadAction\",\"target\":[\"https:\\\/\\\/lamarelle-asbl.be\\\/index.php\\\/lr-reseau\\\/\"]}]},{\"@type\":\"ImageObject\",\"inLanguage\":\"fr-FR\",\"@id\":\"https:\\\/\\\/lamarelle-asbl.be\\\/index.php\\\/lr-reseau\\\/#primaryimage\",\"url\":\"https:\\\/\\\/lamarelle-asbl.be\\\/wp-content\\\/uploads\\\/2024\\\/05\\\/vecteezy_we-are-community-landing-page-with-happy-people_15917081-e1715785931876.jpg\",\"contentUrl\":\"https:\\\/\\\/lamarelle-asbl.be\\\/wp-content\\\/uploads\\\/2024\\\/05\\\/vecteezy_we-are-community-landing-page-with-happy-people_15917081-e1715785931876.jpg\",\"width\":1260,\"height\":684,\"caption\":\"We are community landing page. Happy people holding hands together. Characters group togetherness, happiness, friendship concept with men and women unity Line art flat vector illustration, web banner\"},{\"@type\":\"BreadcrumbList\",\"@id\":\"https:\\\/\\\/lamarelle-asbl.be\\\/index.php\\\/lr-reseau\\\/#breadcrumb\",\"itemListElement\":[{\"@type\":\"ListItem\",\"position\":1,\"name\":\"Accueil\",\"item\":\"https:\\\/\\\/lamarelle-asbl.be\\\/\"},{\"@type\":\"ListItem\",\"position\":2,\"name\":\"Le r\u00e9seau\"}]},{\"@type\":\"WebSite\",\"@id\":\"https:\\\/\\\/lamarelle-asbl.be\\\/#website\",\"url\":\"https:\\\/\\\/lamarelle-asbl.be\\\/\",\"name\":\"La Marelle asbl\",\"description\":\"\",\"publisher\":{\"@id\":\"https:\\\/\\\/lamarelle-asbl.be\\\/#organization\"},\"potentialAction\":[{\"@type\":\"SearchAction\",\"target\":{\"@type\":\"EntryPoint\",\"urlTemplate\":\"https:\\\/\\\/lamarelle-asbl.be\\\/?s={search_term_string}\"},\"query-input\":{\"@type\":\"PropertyValueSpecification\",\"valueRequired\":true,\"valueName\":\"search_term_string\"}}],\"inLanguage\":\"fr-FR\"},{\"@type\":\"Organization\",\"@id\":\"https:\\\/\\\/lamarelle-asbl.be\\\/#organization\",\"name\":\"La Marelle ASBL\",\"url\":\"https:\\\/\\\/lamarelle-asbl.be\\\/\",\"logo\":{\"@type\":\"ImageObject\",\"inLanguage\":\"fr-FR\",\"@id\":\"https:\\\/\\\/lamarelle-asbl.be\\\/#\\\/schema\\\/logo\\\/image\\\/\",\"url\":\"https:\\\/\\\/lamarelle-asbl.be\\\/wp-content\\\/uploads\\\/2023\\\/07\\\/cropped-thumbnail_image006-e1689881175907.png\",\"contentUrl\":\"https:\\\/\\\/lamarelle-asbl.be\\\/wp-content\\\/uploads\\\/2023\\\/07\\\/cropped-thumbnail_image006-e1689881175907.png\",\"width\":392,\"height\":246,\"caption\":\"La Marelle ASBL\"},\"image\":{\"@id\":\"https:\\\/\\\/lamarelle-asbl.be\\\/#\\\/schema\\\/logo\\\/image\\\/\"}}]}<\/script>\n<!-- \/ Yoast SEO plugin. -->","yoast_head_json":{"title":"La Marelle asbl","description":"Service d\u2019Accueil de Jour pour Adultes, agr\u00e9\u00e9 par l\u2019AViQ. Un lieu d\u2019ouverture et de partage rythm\u00e9 par la magie du vivre ensemble","robots":{"index":"index","follow":"follow","max-snippet":"max-snippet:-1","max-image-preview":"max-image-preview:large","max-video-preview":"max-video-preview:-1"},"canonical":"https:\/\/lamarelle-asbl.be\/index.php\/lr-reseau\/","og_locale":"fr_FR","og_type":"article","og_title":"La Marelle asbl","og_description":"Service d\u2019Accueil de Jour pour Adultes, agr\u00e9\u00e9 par l\u2019AViQ. Un lieu d\u2019ouverture et de partage rythm\u00e9 par la magie du vivre ensemble","og_url":"https:\/\/lamarelle-asbl.be\/index.php\/lr-reseau\/","og_site_name":"La Marelle asbl","article_modified_time":"2024-06-12T17:23:20+00:00","og_image":[{"url":"https:\/\/lamarelle-asbl.be\/wp-content\/uploads\/2024\/05\/vecteezy_we-are-community-landing-page-with-happy-people_15917081-e1715785931876.jpg","type":"","width":"","height":""}],"twitter_card":"summary_large_image","twitter_misc":{"Dur\u00e9e de lecture estim\u00e9e":"1 minute"},"schema":{"@context":"https:\/\/schema.org","@graph":[{"@type":"WebPage","@id":"https:\/\/lamarelle-asbl.be\/index.php\/lr-reseau\/","url":"https:\/\/lamarelle-asbl.be\/index.php\/lr-reseau\/","name":"La Marelle asbl","isPartOf":{"@id":"https:\/\/lamarelle-asbl.be\/#website"},"primaryImageOfPage":{"@id":"https:\/\/lamarelle-asbl.be\/index.php\/lr-reseau\/#primaryimage"},"image":{"@id":"https:\/\/lamarelle-asbl.be\/index.php\/lr-reseau\/#primaryimage"},"thumbnailUrl":"https:\/\/lamarelle-asbl.be\/wp-content\/uploads\/2024\/05\/vecteezy_we-are-community-landing-page-with-happy-people_15917081-e1715785931876.jpg","datePublished":"2024-02-06T16:42:00+00:00","dateModified":"2024-06-12T17:23:20+00:00","description":"Service d\u2019Accueil de Jour pour Adultes, agr\u00e9\u00e9 par l\u2019AViQ. Un lieu d\u2019ouverture et de partage rythm\u00e9 par la magie du vivre ensemble","breadcrumb":{"@id":"https:\/\/lamarelle-asbl.be\/index.php\/lr-reseau\/#breadcrumb"},"inLanguage":"fr-FR","potentialAction":[{"@type":"ReadAction","target":["https:\/\/lamarelle-asbl.be\/index.php\/lr-reseau\/"]}]},{"@type":"ImageObject","inLanguage":"fr-FR","@id":"https:\/\/lamarelle-asbl.be\/index.php\/lr-reseau\/#primaryimage","url":"https:\/\/lamarelle-asbl.be\/wp-content\/uploads\/2024\/05\/vecteezy_we-are-community-landing-page-with-happy-people_15917081-e1715785931876.jpg","contentUrl":"https:\/\/lamarelle-asbl.be\/wp-content\/uploads\/2024\/05\/vecteezy_we-are-community-landing-page-with-happy-people_15917081-e1715785931876.jpg","width":1260,"height":684,"caption":"We are community landing page. Happy people holding hands together. Characters group togetherness, happiness, friendship concept with men and women unity Line art flat vector illustration, web banner"},{"@type":"BreadcrumbList","@id":"https:\/\/lamarelle-asbl.be\/index.php\/lr-reseau\/#breadcrumb","itemListElement":[{"@type":"ListItem","position":1,"name":"Accueil","item":"https:\/\/lamarelle-asbl.be\/"},{"@type":"ListItem","position":2,"name":"Le r\u00e9seau"}]},{"@type":"WebSite","@id":"https:\/\/lamarelle-asbl.be\/#website","url":"https:\/\/lamarelle-asbl.be\/","name":"La Marelle asbl","description":"","publisher":{"@id":"https:\/\/lamarelle-asbl.be\/#organization"},"potentialAction":[{"@type":"SearchAction","target":{"@type":"EntryPoint","urlTemplate":"https:\/\/lamarelle-asbl.be\/?s={search_term_string}"},"query-input":{"@type":"PropertyValueSpecification","valueRequired":true,"valueName":"search_term_string"}}],"inLanguage":"fr-FR"},{"@type":"Organization","@id":"https:\/\/lamarelle-asbl.be\/#organization","name":"La Marelle ASBL","url":"https:\/\/lamarelle-asbl.be\/","logo":{"@type":"ImageObject","inLanguage":"fr-FR","@id":"https:\/\/lamarelle-asbl.be\/#\/schema\/logo\/image\/","url":"https:\/\/lamarelle-asbl.be\/wp-content\/uploads\/2023\/07\/cropped-thumbnail_image006-e1689881175907.png","contentUrl":"https:\/\/lamarelle-asbl.be\/wp-content\/uploads\/2023\/07\/cropped-thumbnail_image006-e1689881175907.png","width":392,"height":246,"caption":"La Marelle ASBL"},"image":{"@id":"https:\/\/lamarelle-asbl.be\/#\/schema\/logo\/image\/"}}]}},"_links":{"self":[{"href":"https:\/\/lamarelle-asbl.be\/index.php\/wp-json\/wp\/v2\/pages\/2152","targetHints":{"allow":["GET"]}}],"collection":[{"href":"https:\/\/lamarelle-asbl.be\/index.php\/wp-json\/wp\/v2\/pages"}],"about":[{"href":"https:\/\/lamarelle-asbl.be\/index.php\/wp-json\/wp\/v2\/types\/page"}],"author":[{"embeddable":true,"href":"https:\/\/lamarelle-asbl.be\/index.php\/wp-json\/wp\/v2\/users\/1"}],"replies":[{"embeddable":true,"href":"https:\/\/lamarelle-asbl.be\/index.php\/wp-json\/wp\/v2\/comments?post=2152"}],"version-history":[{"count":42,"href":"https:\/\/lamarelle-asbl.be\/index.php\/wp-json\/wp\/v2\/pages\/2152\/revisions"}],"predecessor-version":[{"id":3188,"href":"https:\/\/lamarelle-asbl.be\/index.php\/wp-json\/wp\/v2\/pages\/2152\/revisions\/3188"}],"wp:attachment":[{"href":"https:\/\/lamarelle-asbl.be\/index.php\/wp-json\/wp\/v2\/media?parent=2152"}],"curies":[{"name":"wp","href":"https:\/\/api.w.org\/{rel}","templated":true}]}}